{"id":488,"date":"2010-01-13T18:20:58","date_gmt":"2010-01-13T17:20:58","guid":{"rendered":"http:\/\/dorfchemnitz.de\/dcz.de_2010\/?page_id=488"},"modified":"2011-03-19T19:58:17","modified_gmt":"2011-03-19T18:58:17","slug":"850-jahre-zwonitz","status":"publish","type":"page","link":"http:\/\/dorfchemnitz.de\/dcz.de_2010\/?page_id=488","title":{"rendered":"850 Jahre Zw\u00f6nitz"},"content":{"rendered":"<p style=\"text-align: center;\"><img class=\"aligncenter\" src=\"http:\/\/dorfchemnitz.de\/dcz.de_2010\/wp-content\/uploads\/2010\/01\/850_jahre_zwoenitz_teaser.png\" alt=\"\" \/><\/p>\n<table style=\"height: 837px;\" border=\"0\" cellspacing=\"0\" cellpadding=\"0\" width=\"667\">\n<tbody>\n<tr>\n<td width=\"161\" height=\"38\" valign=\"top\"><strong>Auftakt<br \/>\n<\/strong>Freitag,                     11. Juni<strong> <\/strong><\/td>\n<td width=\"57\" height=\"38\" align=\"center\" valign=\"top\">19:00<\/td>\n<td width=\"449\" height=\"38\" valign=\"top\"><strong>Einweihung der vollst\u00e4ndigen Schauanlage Historisches Zw\u00f6nitz <\/strong><\/td>\n<\/tr>\n<tr>\n<td width=\"161\" height=\"50\" valign=\"top\"><\/td>\n<td width=\"57\" height=\"50\" align=\"center\" valign=\"top\">20:00<\/td>\n<td width=\"449\" height=\"50\" valign=\"top\"><strong>Boogieparty <\/strong>\u201e20 Jahre Yellow Boogie Dancers Zw\u00f6nitz\u201c<br \/>\nLivemusik und Showprogramm der Zw\u00f6nitzer und befreundeter                     Vereine im Zelt<\/td>\n<\/tr>\n<tr>\n<td width=\"161\" height=\"20\" valign=\"top\"><strong> <\/strong><\/td>\n<td width=\"57\" height=\"20\" align=\"center\" valign=\"top\"><strong> <\/strong><\/td>\n<td width=\"449\" height=\"20\" valign=\"top\"><strong> <\/strong><\/td>\n<\/tr>\n<tr>\n<td width=\"161\" height=\"50\" valign=\"top\"><strong>Familientag<br \/>\n<\/strong>Samstag,                     12.Juni<strong> <\/strong><\/td>\n<td width=\"57\" height=\"50\" align=\"center\" valign=\"top\">10:00<\/td>\n<td width=\"449\" height=\"50\" valign=\"top\"><strong>gro\u00dfes Familienfest<\/strong> mit Angeboten f\u00fcr Familien und Kinder von Vereinen,                     Firmen und Organisationen; in Austelpark, Freibad und                     Modelsportgel\u00e4nde<\/td>\n<\/tr>\n<tr>\n<td width=\"161\" height=\"34\" valign=\"top\"><\/td>\n<td width=\"57\" height=\"34\" align=\"center\" valign=\"top\">16:00<\/td>\n<td width=\"449\" height=\"34\" valign=\"top\"><strong>Kinder- und Eltern Mitmachkonzert<\/strong><br \/>\nmit Kinderliedermacher Uwe Lal im Zelt<\/td>\n<\/tr>\n<tr>\n<td width=\"161\" height=\"18\" valign=\"top\"><\/td>\n<td width=\"57\" height=\"18\" align=\"center\" valign=\"top\">20:00<\/td>\n<td width=\"449\" height=\"18\" valign=\"top\"><strong>\u201eDie Dorfer\u201c<\/strong> Tanzabend im Zelt<\/td>\n<\/tr>\n<tr>\n<td width=\"161\" height=\"20\" valign=\"top\"><strong> <\/strong><\/td>\n<td width=\"57\" height=\"20\" align=\"center\" valign=\"top\"><strong> <\/strong><\/td>\n<td width=\"449\" height=\"20\" valign=\"top\"><strong> <\/strong><\/td>\n<\/tr>\n<tr>\n<td width=\"161\" height=\"50\" valign=\"top\"><strong>Sporttag<br \/>\n<\/strong>Sonntag,                     13.Juni<strong> <\/strong><\/td>\n<td width=\"57\" height=\"50\" align=\"center\" valign=\"top\">8:00<br \/>\n11:00<br \/>\n19:00<\/td>\n<td width=\"449\" height=\"50\" valign=\"top\"><strong>2. Zw\u00f6nitztal &#8211; Radtour<\/strong> im                     Sportkomplex<br \/>\n<strong>\u201eDie Dorfer\u201c<\/strong> Fr\u00fchschoppen im Zelt<br \/>\n<strong>Sportlerball<\/strong> im                     Zelt<\/td>\n<\/tr>\n<tr>\n<td width=\"161\" height=\"21\" valign=\"top\"><\/td>\n<td width=\"57\" height=\"21\" align=\"center\" valign=\"top\"><\/td>\n<td width=\"449\" height=\"21\" valign=\"top\"><\/td>\n<\/tr>\n<tr>\n<td width=\"161\" height=\"130\" valign=\"top\"><strong>Tag der Heimat und Folklore<br \/>\n<\/strong>Montag,                     14. Juni<\/td>\n<td width=\"57\" height=\"130\" align=\"center\" valign=\"top\">9:00<br \/>\n14:00<\/p>\n<p>19:00<\/td>\n<td width=\"449\" height=\"130\" valign=\"top\"><strong>Gef\u00fchrte Wanderung<br \/>\n\u201eSu klingt\u2018s bei uns in Zw\u00e4ntz\u201c<br \/>\n<\/strong>Heimatnachmittag       mit volkst\u00fcmlichen Gruppen aus Zw\u00f6nitz Moderation Marianne Martin<br \/>\n<strong>\u201eEs t\u00f6nen die Lieder\u201c<\/strong><br \/>\ngemeinsames Singen der Zw\u00f6nitzer Ch\u00f6re<br \/>\nanschl. spielen die Erzgebirgischen Blasmusikanten Zw\u00f6nitz\/Affalter zum       Tanz im Zelt<strong> <\/strong><\/td>\n<\/tr>\n<tr>\n<td width=\"161\" height=\"21\" valign=\"top\"><\/td>\n<td width=\"57\" height=\"21\" align=\"center\" valign=\"top\"><\/td>\n<td width=\"449\" height=\"21\" valign=\"top\"><\/td>\n<\/tr>\n<tr>\n<td width=\"161\" height=\"66\" valign=\"top\"><strong>Tag der Kinder-einrichtungen<br \/>\n<\/strong>Dienstag,                     15. Juni<\/td>\n<td width=\"57\" height=\"66\" align=\"center\" valign=\"top\">9:00<\/p>\n<p>19:00<\/td>\n<td width=\"449\" height=\"66\" valign=\"top\"><strong>Kinderparty<\/strong> mit Spielen und Kinderdisco im Zelt<br \/>\neingeladen sind Kinderg\u00e4rten und Grundschulen der Stadt<br \/>\n<strong>Kabarett <\/strong>\u201eBest                     of Tom Pauls\u201d<br \/>\nmit anschl. Autogrammstunde im Zelt<\/td>\n<\/tr>\n<tr>\n<td width=\"161\" height=\"21\" valign=\"top\"><\/td>\n<td width=\"57\" height=\"21\" align=\"center\" valign=\"top\"><\/td>\n<td width=\"449\" height=\"21\" valign=\"top\"><\/td>\n<\/tr>\n<tr>\n<td width=\"161\" height=\"98\" valign=\"top\"><strong>Tag der offenen Kirchen<br \/>\n<\/strong>Mittwoch,                     16. Juni<\/td>\n<td width=\"57\" height=\"98\" align=\"center\" valign=\"top\">16:00<br \/>\n18:00<\/p>\n<p>19:00<\/td>\n<td width=\"449\" height=\"98\" valign=\"top\"><strong>Kirchenentdeckertour <\/strong>Kinderprogramm in der Trinitatiskirche<br \/>\n<strong>Zw\u00f6nitzer                     Kirchengeschichte und sakrale Kunst<\/strong><br \/>\nVortrag in der Blasius Kirche<br \/>\n<strong>Ten Sing<\/strong> Multimedia Jugendprojekt aus Annaberg\u00a0                     im Zelt<\/td>\n<\/tr>\n<tr>\n<td width=\"161\" height=\"60\" valign=\"top\"><\/td>\n<td width=\"57\" height=\"60\" align=\"center\" valign=\"top\">19:30<\/td>\n<td width=\"449\" height=\"60\" valign=\"top\"><strong>Volksliedersingen <\/strong> in der Meth.                     Kirche<br \/>\nPosaunenchor und Chor laden zum Musikalischen Grillfest<\/td>\n<\/tr>\n<tr>\n<td width=\"161\" height=\"9\" valign=\"top\"><\/td>\n<td width=\"57\" height=\"9\" align=\"center\" valign=\"top\">20:30<\/td>\n<td width=\"449\" height=\"9\" valign=\"top\"><strong>Meditation<\/strong> zu St. Blasius<br \/>\nGebet und Musik<\/td>\n<\/tr>\n<tr>\n<td width=\"161\" height=\"34\" valign=\"top\"><\/td>\n<td width=\"57\" height=\"34\" align=\"center\" valign=\"top\">21:30<\/td>\n<td width=\"449\" height=\"34\" valign=\"top\"><strong>Nacht der Lichter<\/strong><br \/>\nTaize Andacht mit dem Jugendchor in der Kath. Kirche<\/td>\n<\/tr>\n<tr>\n<td width=\"161\" height=\"20\" valign=\"top\"><strong> <\/strong><\/td>\n<td width=\"57\" height=\"20\" align=\"center\" valign=\"top\"><strong> <\/strong><\/td>\n<td width=\"449\" height=\"20\" valign=\"top\"><strong> <\/strong><\/td>\n<\/tr>\n<tr>\n<td width=\"161\" height=\"54\" valign=\"top\"><strong>Tag                     der Kultur und Museen <\/strong>Donnerstag,                     17. Juni<\/td>\n<td width=\"57\" height=\"54\" align=\"center\" valign=\"top\">16:00<\/td>\n<td width=\"449\" height=\"54\" valign=\"top\"><strong>Theater<\/strong><br \/>\nPr\u00e4sentation der Theatergruppen der Schulen im Zelt<\/td>\n<\/tr>\n<\/tbody>\n<\/table>\n<table border=\"0\" cellspacing=\"0\" cellpadding=\"0\" width=\"683\">\n<tbody>\n<tr>\n<td width=\"146\" valign=\"top\"><strong> <\/strong><\/td>\n<td width=\"66\" valign=\"top\"><strong> <\/strong><\/td>\n<td width=\"468\" valign=\"top\"><strong> <\/strong><\/td>\n<\/tr>\n<tr>\n<td width=\"146\" valign=\"top\"><strong>Tag                     der Jugend <\/strong>Freitag,                     18. Juni<\/td>\n<td width=\"66\" align=\"right\" valign=\"top\">10:00<\/p>\n<p>18:00<\/td>\n<td width=\"468\" valign=\"top\"><strong>P<\/strong><strong>rojekt-                     und Infotag f\u00fcr Schulen<\/strong><br \/>\nmit Polizei, Grenzschutz und Zw\u00f6nitzer Firmen<br \/>\n<strong>8. Zw\u00f6nitzer                     Rocknacht<\/strong><br \/>\nmit Zw\u00f6nitzer Nachwuchsgruppen im Zelt<\/td>\n<\/tr>\n<tr>\n<td width=\"146\" valign=\"top\"><\/td>\n<td width=\"66\" align=\"center\" valign=\"top\">19:30<\/td>\n<td width=\"468\" valign=\"top\"><strong>Nachtw\u00e4chterrufe <\/strong>an der Fronveste<br \/>\nanschl. Historische Nachtw\u00e4chterrunde in der Innenstadt<strong> <\/strong><\/td>\n<\/tr>\n<tr>\n<td width=\"146\" valign=\"top\"><\/td>\n<td width=\"66\" align=\"center\" valign=\"top\">20:00<\/td>\n<td width=\"468\" valign=\"top\"><strong>Bergm\u00e4nnische Abendserenade mit Zapfenstreich<\/strong><br \/>\nes musizieren Oelsnitzer Blasmusikanten und der Knappenchor                     des Steinkohlebergbauvereins Zwickau\u00a0\u00a0                     Marktplatz<\/td>\n<\/tr>\n<tr>\n<td width=\"146\" valign=\"top\"><\/td>\n<td width=\"66\" align=\"center\" valign=\"top\">23:00<\/td>\n<td width=\"468\" valign=\"top\"><strong>Nachtw\u00e4chterrufe<\/strong> auf dem Marktplatz<\/td>\n<\/tr>\n<tr>\n<td width=\"146\" valign=\"top\"><strong> <\/strong><\/td>\n<td width=\"66\" align=\"center\" valign=\"top\"><strong> <\/strong><\/td>\n<td width=\"468\" valign=\"top\"><strong> <\/strong><\/td>\n<\/tr>\n<tr>\n<td width=\"146\" valign=\"top\"><strong>Bergm\u00e4nnischer<br \/>\nTag<br \/>\n<\/strong>Samstag,                     19. Juni<\/td>\n<td width=\"66\" align=\"center\" valign=\"top\">10:00<br \/>\n14:00<\/td>\n<td width=\"468\" valign=\"top\"><strong>Historischer Handwerkermarkt<\/strong> mit Musik in den Gassen<br \/>\n<strong>Berggottesdienst mit                     Bergaufzug zum Huthaus<\/strong><br \/>\n15 Jahre Bergm\u00e4nnischer Traditionsverein<br \/>\nAngebote im Huthausgel\u00e4nde<\/td>\n<\/tr>\n<tr>\n<td width=\"146\" valign=\"top\"><\/td>\n<td width=\"66\" align=\"center\" valign=\"top\">11:00<\/td>\n<td width=\"468\" valign=\"top\"><strong>Zw\u00f6nitz International<\/strong> Marktb\u00fchne<br \/>\nKulturgruppen der Partnerst\u00e4dte pr\u00e4sentieren sich<\/td>\n<\/tr>\n<tr>\n<td width=\"146\" valign=\"top\"><\/td>\n<td width=\"66\" align=\"center\" valign=\"top\">11:00<\/td>\n<td width=\"468\" valign=\"top\"><strong>Drehorgeltreffen<\/strong> in der Innenstadt<\/td>\n<\/tr>\n<tr>\n<td width=\"146\" valign=\"top\"><\/td>\n<td width=\"66\" align=\"center\" valign=\"top\">14:00<\/td>\n<td width=\"468\" valign=\"top\"><strong>Kleines Nachtw\u00e4chtertreffen<\/strong><br \/>\nmit Auftritten an verschiedenen B\u00fchnen der Innenstadt und                     Abendrundg\u00e4ngen in den Gastst\u00e4tten<\/td>\n<\/tr>\n<tr>\n<td width=\"146\" valign=\"top\"><\/td>\n<td width=\"66\" align=\"center\" valign=\"top\">17:00<\/td>\n<td width=\"468\" valign=\"top\"><strong>Festkommers<\/strong><br \/>\noffizielle Feierstunde f\u00fcr geladene G\u00e4ste im Zelt<\/td>\n<\/tr>\n<tr>\n<td width=\"146\" valign=\"top\"><\/td>\n<td width=\"66\" align=\"center\" valign=\"top\">19:00<br \/>\nbis 1:00<\/td>\n<td width=\"468\" valign=\"top\"><strong>Multimediashow <\/strong>\u201e<strong>City Lights \u2013 Colours of                     Fantasy\u201c<\/strong><br \/>\nVorprogramm: <strong>ABBA                     Band<\/strong><br \/>\nMultimediales Spektakel aus Licht, Laser, Feuer und LED-Gro\u00dfraumprojektion                     im Zusammenspiel mit <strong>Invisible                     Touch<\/strong> \u2013 Best of Phil Collins, Genesis &amp; Peter                     Gabriel<\/td>\n<\/tr>\n<tr>\n<td width=\"146\" valign=\"top\"><strong> <\/strong><\/td>\n<td width=\"66\" align=\"center\" valign=\"top\"><\/td>\n<td width=\"468\" valign=\"top\"><strong> <\/strong><\/td>\n<\/tr>\n<tr>\n<td width=\"146\" valign=\"top\"><strong>Festtag<br \/>\n<\/strong>Sonntag,                     20. Juni<\/td>\n<td width=\"66\" align=\"center\" valign=\"top\">9:30<br \/>\n11:00<\/td>\n<td width=\"468\" valign=\"top\"><strong>\u00d6kumenischer Festgottesdienst <\/strong>auf dem Marktplatz<br \/>\n<strong>Historischer                     Handwerkermarkt<\/strong> mit Musik in den Gassen<strong> <\/strong><\/td>\n<\/tr>\n<tr>\n<td width=\"146\" valign=\"top\"><\/td>\n<td width=\"66\" align=\"center\" valign=\"top\">11:30<\/td>\n<td width=\"468\" valign=\"top\"><strong>Musikalische Einstimmung<\/strong> auf der Marktb\u00fchne<\/td>\n<\/tr>\n<tr>\n<td width=\"146\" valign=\"top\"><\/td>\n<td width=\"66\" align=\"center\" valign=\"top\">13:00<\/td>\n<td width=\"468\" valign=\"top\"><strong>Gro\u00dfer hist. Festumzug<\/strong> mit 7 Kapellen, ca. 90 Bildern, 800 Teilnehmern und ca.                     25 Pferdefuhrwerken<\/td>\n<\/tr>\n<tr>\n<td width=\"146\" valign=\"top\"><\/td>\n<td width=\"66\" align=\"center\" valign=\"top\">16:00<\/td>\n<td width=\"468\" valign=\"top\"><strong>Musik in der Innenstadt<\/strong> mit den Umzugskapellen<\/td>\n<\/tr>\n<tr>\n<td width=\"146\" valign=\"top\"><\/td>\n<td width=\"66\" align=\"center\" valign=\"top\">16:00<\/td>\n<td width=\"468\" valign=\"top\"><strong>Live Musik<\/strong> im Festzelt<\/p>\n<p>Quelle: www.zwoenitz.de<\/td>\n<\/tr>\n<\/tbody>\n<\/table>\n","protected":false},"excerpt":{"rendered":"<p>Auftakt Freitag, 11. Juni 19:00 Einweihung der vollst\u00e4ndigen Schauanlage Historisches Zw\u00f6nitz 20:00 Boogieparty \u201e20 Jahre Yellow Boogie Dancers Zw\u00f6nitz\u201c Livemusik und Showprogramm der Zw\u00f6nitzer und befreundeter Vereine im Zelt Familientag Samstag, 12.Juni 10:00 gro\u00dfes Familienfest mit Angeboten f\u00fcr Familien und Kinder von Vereinen, Firmen und Organisationen; in Austelpark, Freibad und Modelsportgel\u00e4nde 16:00 Kinder- und Eltern [&hellip;]<\/p>\n","protected":false},"author":2,"featured_media":0,"parent":4,"menu_order":2,"comment_status":"closed","ping_status":"closed","template":"","meta":[],"aioseo_notices":[],"_links":{"self":[{"href":"http:\/\/dorfchemnitz.de\/dcz.de_2010\/index.php?rest_route=\/wp\/v2\/pages\/488"}],"collection":[{"href":"http:\/\/dorfchemnitz.de\/dcz.de_2010\/index.php?rest_route=\/wp\/v2\/pages"}],"about":[{"href":"http:\/\/dorfchemnitz.de\/dcz.de_2010\/index.php?rest_route=\/wp\/v2\/types\/page"}],"author":[{"embeddable":true,"href":"http:\/\/dorfchemnitz.de\/dcz.de_2010\/index.php?rest_route=\/wp\/v2\/users\/2"}],"replies":[{"embeddable":true,"href":"http:\/\/dorfchemnitz.de\/dcz.de_2010\/index.php?rest_route=%2Fwp%2Fv2%2Fcomments&post=488"}],"version-history":[{"count":7,"href":"http:\/\/dorfchemnitz.de\/dcz.de_2010\/index.php?rest_route=\/wp\/v2\/pages\/488\/revisions"}],"predecessor-version":[{"id":491,"href":"http:\/\/dorfchemnitz.de\/dcz.de_2010\/index.php?rest_route=\/wp\/v2\/pages\/488\/revisions\/491"}],"up":[{"embeddable":true,"href":"http:\/\/dorfchemnitz.de\/dcz.de_2010\/index.php?rest_route=\/wp\/v2\/pages\/4"}],"wp:attachment":[{"href":"http:\/\/dorfchemnitz.de\/dcz.de_2010\/index.php?rest_route=%2Fwp%2Fv2%2Fmedia&parent=488"}],"curies":[{"name":"wp","href":"https:\/\/api.w.org\/{rel}","templated":true}]}}